{"id":12677,"date":"2024-08-09T10:48:41","date_gmt":"2024-08-09T10:48:41","guid":{"rendered":"https:\/\/uniadic.com\/?post_type=avada_faq&#038;p=12677"},"modified":"2024-08-31T13:18:49","modified_gmt":"2024-08-31T13:18:49","slug":"como-es-el-alta-o-fin-del-tratamiento","status":"publish","type":"avada_faq","link":"https:\/\/uniadic.com\/en\/faq-items\/como-es-el-alta-o-fin-del-tratamiento\/","title":{"rendered":"What is the discharge or end-of-treatment process like?"},"content":{"rendered":"<p>What the discharge or end of treatment is like. Like everything else\u2026 it\u2019s a process. When the patient requests discharge, or the treating professional determines that the individual goals set for the case (regarding relapse, responsibility, psychoeducation, drug-free living, etc.) have been met, they request a meeting with the <a href=\"https:\/\/uniadic.com\/en\/equipo\/\">coordination team<\/a>.<\/p>\n<p>At this meeting, the process follows the structure of an algorithm or decision tree in which the professional is asked about the objectives, their diagnostic impression, the patient\u2019s wishes, the obstacles encountered, the solutions implemented, the progression of the addiction, and a tentative prognosis for the future (among other indicators).<\/p>\n<p>These indicators are scored on a scale, and depending on the results, we can help the treating professional make the best decision regarding discharge\u2014whether to schedule follow-up visits monthly, bimonthly, semiannually, annually, or at the patient\u2019s request (for example, in situations of <a href=\"https:\/\/psicologosansiedadmadrid.com\">anxiety or stress<\/a>s).<\/p>\n<p>At this point, the process of closing the case or concluding treatment begins, during which the professional will conduct one (or more) feedback sessions with the patient to provide them with even more information about their process, the challenges they faced, and their progress\u2014what would be called a 360-degree evaluation in a business context. In summary, this is what the discharge or end of treatment for an addiction process looks like.<\/p>","protected":false},"excerpt":{"rendered":"<p>C\u00f3mo es el alta o fin del tratamiento. Como todo&#8230; es un proceso. Cuando el\/la [&#8230;]<\/p>\n","protected":false},"author":1,"featured_media":12172,"menu_order":0,"comment_status":"closed","ping_status":"closed","template":"","format":"standard","meta":{"footnotes":""},"faq_category":[],"class_list":["post-12677","avada_faq","type-avada_faq","status-publish","format-standard","has-post-thumbnail","hentry"],"yoast_head":"<!-- This site is optimized with the Yoast SEO plugin v28.4 - https:\/\/yoast.com\/product\/yoast-seo-wordpress\/ -->\n<title>C\u00f3mo es el alta o fin del tratamiento? - UniAdic<\/title>\n<meta name=\"description\" content=\"\u00bfC\u00f3mo es el alta o fin del tratamiento?. La gran pregunta que ning\u00fan paciente quiere hacerle a su psic\u00f3logo\/a y que hay que hacer.\" \/>\n<meta name=\"robots\" content=\"index, follow, max-snippet:-1, max-image-preview:large, max-video-preview:-1\" \/>\n<link rel=\"canonical\" href=\"https:\/\/uniadic.com\/en\/preguntas-frecuentes\/como-es-el-alta-o-fin-del-tratamiento\/\" \/>\n<meta property=\"og:locale\" content=\"en_US\" \/>\n<meta property=\"og:type\" content=\"article\" \/>\n<meta property=\"og:title\" content=\"C\u00f3mo es el alta o fin del tratamiento? - UniAdic\" \/>\n<meta property=\"og:description\" content=\"\u00bfC\u00f3mo es el alta o fin del tratamiento?. La gran pregunta que ning\u00fan paciente quiere hacerle a su psic\u00f3logo\/a y que hay que hacer.\" \/>\n<meta property=\"og:url\" content=\"https:\/\/uniadic.com\/en\/preguntas-frecuentes\/como-es-el-alta-o-fin-del-tratamiento\/\" \/>\n<meta property=\"og:site_name\" content=\"UniAdic\" \/>\n<meta property=\"article:publisher\" content=\"https:\/\/www.facebook.com\/uniadic\/\" \/>\n<meta property=\"article:modified_time\" content=\"2024-08-31T13:18:49+00:00\" \/>\n<meta property=\"og:image\" content=\"https:\/\/uniadic.com\/wp-content\/uploads\/2023\/09\/medico1-copia.jpg\" \/>\n\t<meta property=\"og:image:width\" content=\"1178\" \/>\n\t<meta property=\"og:image:height\" content=\"841\" \/>\n\t<meta property=\"og:image:type\" content=\"image\/jpeg\" \/>\n<meta name=\"twitter:card\" content=\"summary_large_image\" \/>\n<meta name=\"twitter:site\" content=\"@Uniadic\" \/>\n<meta name=\"twitter:label1\" content=\"Est. reading time\" \/>\n\t<meta name=\"twitter:data1\" content=\"2 minutes\" \/>\n<script type=\"application\/ld+json\" class=\"yoast-schema-graph\">{\"@context\":\"https:\\\/\\\/schema.org\",\"@graph\":[{\"@type\":\"TechArticle\",\"@id\":\"https:\\\/\\\/uniadic.com\\\/preguntas-frecuentes\\\/como-es-el-alta-o-fin-del-tratamiento\\\/#article\",\"isPartOf\":{\"@id\":\"https:\\\/\\\/uniadic.com\\\/preguntas-frecuentes\\\/como-es-el-alta-o-fin-del-tratamiento\\\/\"},\"author\":{\"name\":\"rrsuarez02\",\"@id\":\"https:\\\/\\\/uniadic.com\\\/#\\\/schema\\\/person\\\/da81203ac2ef666a362e1ac5e55eec9b\"},\"headline\":\"C\u00f3mo es el alta o fin del tratamiento?\",\"datePublished\":\"2024-08-09T10:48:41+00:00\",\"dateModified\":\"2024-08-31T13:18:49+00:00\",\"mainEntityOfPage\":{\"@id\":\"https:\\\/\\\/uniadic.com\\\/preguntas-frecuentes\\\/como-es-el-alta-o-fin-del-tratamiento\\\/\"},\"wordCount\":264,\"publisher\":{\"@id\":\"https:\\\/\\\/uniadic.com\\\/#organization\"},\"image\":{\"@id\":\"https:\\\/\\\/uniadic.com\\\/preguntas-frecuentes\\\/como-es-el-alta-o-fin-del-tratamiento\\\/#primaryimage\"},\"thumbnailUrl\":\"https:\\\/\\\/uniadic.com\\\/wp-content\\\/uploads\\\/2023\\\/09\\\/medico1-copia.jpg\",\"inLanguage\":\"en-US\"},{\"@type\":[\"WebPage\",\"FAQPage\"],\"@id\":\"https:\\\/\\\/uniadic.com\\\/preguntas-frecuentes\\\/como-es-el-alta-o-fin-del-tratamiento\\\/\",\"url\":\"https:\\\/\\\/uniadic.com\\\/preguntas-frecuentes\\\/como-es-el-alta-o-fin-del-tratamiento\\\/\",\"name\":\"C\u00f3mo es el alta o fin del tratamiento? - UniAdic\",\"isPartOf\":{\"@id\":\"https:\\\/\\\/uniadic.com\\\/#website\"},\"primaryImageOfPage\":{\"@id\":\"https:\\\/\\\/uniadic.com\\\/preguntas-frecuentes\\\/como-es-el-alta-o-fin-del-tratamiento\\\/#primaryimage\"},\"image\":{\"@id\":\"https:\\\/\\\/uniadic.com\\\/preguntas-frecuentes\\\/como-es-el-alta-o-fin-del-tratamiento\\\/#primaryimage\"},\"thumbnailUrl\":\"https:\\\/\\\/uniadic.com\\\/wp-content\\\/uploads\\\/2023\\\/09\\\/medico1-copia.jpg\",\"datePublished\":\"2024-08-09T10:48:41+00:00\",\"dateModified\":\"2024-08-31T13:18:49+00:00\",\"description\":\"\u00bfC\u00f3mo es el alta o fin del tratamiento?. La gran pregunta que ning\u00fan paciente quiere hacerle a su psic\u00f3logo\\\/a y que hay que hacer.\",\"breadcrumb\":{\"@id\":\"https:\\\/\\\/uniadic.com\\\/preguntas-frecuentes\\\/como-es-el-alta-o-fin-del-tratamiento\\\/#breadcrumb\"},\"inLanguage\":\"en-US\",\"potentialAction\":[{\"@type\":\"ReadAction\",\"target\":[\"https:\\\/\\\/uniadic.com\\\/preguntas-frecuentes\\\/como-es-el-alta-o-fin-del-tratamiento\\\/\"]}]},{\"@type\":\"ImageObject\",\"inLanguage\":\"en-US\",\"@id\":\"https:\\\/\\\/uniadic.com\\\/preguntas-frecuentes\\\/como-es-el-alta-o-fin-del-tratamiento\\\/#primaryimage\",\"url\":\"https:\\\/\\\/uniadic.com\\\/wp-content\\\/uploads\\\/2023\\\/09\\\/medico1-copia.jpg\",\"contentUrl\":\"https:\\\/\\\/uniadic.com\\\/wp-content\\\/uploads\\\/2023\\\/09\\\/medico1-copia.jpg\",\"width\":1178,\"height\":841,\"caption\":\"equipo\"},{\"@type\":\"BreadcrumbList\",\"@id\":\"https:\\\/\\\/uniadic.com\\\/preguntas-frecuentes\\\/como-es-el-alta-o-fin-del-tratamiento\\\/#breadcrumb\",\"itemListElement\":[{\"@type\":\"ListItem\",\"position\":1,\"name\":\"FAQs\",\"item\":\"https:\\\/\\\/uniadic.com\\\/preguntas-frecuentes\\\/\"},{\"@type\":\"ListItem\",\"position\":2,\"name\":\"C\u00f3mo es el alta o fin del tratamiento?\"}]},{\"@type\":\"WebSite\",\"@id\":\"https:\\\/\\\/uniadic.com\\\/#website\",\"url\":\"https:\\\/\\\/uniadic.com\\\/\",\"name\":\"| Centro UniAdic |\",\"description\":\"Especializados en Adicciones y Salud Mental\",\"publisher\":{\"@id\":\"https:\\\/\\\/uniadic.com\\\/#organization\"},\"potentialAction\":[{\"@type\":\"SearchAction\",\"target\":{\"@type\":\"EntryPoint\",\"urlTemplate\":\"https:\\\/\\\/uniadic.com\\\/?s={search_term_string}\"},\"query-input\":{\"@type\":\"PropertyValueSpecification\",\"valueRequired\":true,\"valueName\":\"search_term_string\"}}],\"inLanguage\":\"en-US\"},{\"@type\":\"Organization\",\"@id\":\"https:\\\/\\\/uniadic.com\\\/#organization\",\"name\":\"UniAdic\",\"url\":\"https:\\\/\\\/uniadic.com\\\/\",\"logo\":{\"@type\":\"ImageObject\",\"inLanguage\":\"en-US\",\"@id\":\"https:\\\/\\\/uniadic.com\\\/#\\\/schema\\\/logo\\\/image\\\/\",\"url\":\"https:\\\/\\\/uniadic.com\\\/wp-content\\\/uploads\\\/2025\\\/12\\\/fondo-retina.png\",\"contentUrl\":\"https:\\\/\\\/uniadic.com\\\/wp-content\\\/uploads\\\/2025\\\/12\\\/fondo-retina.png\",\"width\":506,\"height\":506,\"caption\":\"UniAdic\"},\"image\":{\"@id\":\"https:\\\/\\\/uniadic.com\\\/#\\\/schema\\\/logo\\\/image\\\/\"},\"sameAs\":[\"https:\\\/\\\/www.facebook.com\\\/uniadic\\\/\",\"https:\\\/\\\/x.com\\\/Uniadic\",\"https:\\\/\\\/www.instagram.com\\\/uniadic\\\/\"]},{\"@type\":\"Person\",\"@id\":\"https:\\\/\\\/uniadic.com\\\/#\\\/schema\\\/person\\\/da81203ac2ef666a362e1ac5e55eec9b\",\"name\":\"rrsuarez02\",\"image\":{\"@type\":\"ImageObject\",\"inLanguage\":\"en-US\",\"@id\":\"https:\\\/\\\/secure.gravatar.com\\\/avatar\\\/2b14c2f684d4da997a40e228d1533c54369551ec192ca68ca8a8ea440630f5e9?s=96&d=mm&r=g\",\"url\":\"https:\\\/\\\/secure.gravatar.com\\\/avatar\\\/2b14c2f684d4da997a40e228d1533c54369551ec192ca68ca8a8ea440630f5e9?s=96&d=mm&r=g\",\"contentUrl\":\"https:\\\/\\\/secure.gravatar.com\\\/avatar\\\/2b14c2f684d4da997a40e228d1533c54369551ec192ca68ca8a8ea440630f5e9?s=96&d=mm&r=g\",\"caption\":\"rrsuarez02\"}}]}<\/script>\n<!-- \/ Yoast SEO plugin. -->","yoast_head_json":{"title":"C\u00f3mo es el alta o fin del tratamiento? - UniAdic","description":"\u00bfC\u00f3mo es el alta o fin del tratamiento?. La gran pregunta que ning\u00fan paciente quiere hacerle a su psic\u00f3logo\/a y que hay que hacer.","robots":{"index":"index","follow":"follow","max-snippet":"max-snippet:-1","max-image-preview":"max-image-preview:large","max-video-preview":"max-video-preview:-1"},"canonical":"https:\/\/uniadic.com\/en\/preguntas-frecuentes\/como-es-el-alta-o-fin-del-tratamiento\/","og_locale":"en_US","og_type":"article","og_title":"C\u00f3mo es el alta o fin del tratamiento? - UniAdic","og_description":"\u00bfC\u00f3mo es el alta o fin del tratamiento?. La gran pregunta que ning\u00fan paciente quiere hacerle a su psic\u00f3logo\/a y que hay que hacer.","og_url":"https:\/\/uniadic.com\/en\/preguntas-frecuentes\/como-es-el-alta-o-fin-del-tratamiento\/","og_site_name":"UniAdic","article_publisher":"https:\/\/www.facebook.com\/uniadic\/","article_modified_time":"2024-08-31T13:18:49+00:00","og_image":[{"width":1178,"height":841,"url":"https:\/\/uniadic.com\/wp-content\/uploads\/2023\/09\/medico1-copia.jpg","type":"image\/jpeg"}],"twitter_card":"summary_large_image","twitter_site":"@Uniadic","twitter_misc":{"Est. reading time":"2 minutes"},"schema":{"@context":"https:\/\/schema.org","@graph":[{"@type":"TechArticle","@id":"https:\/\/uniadic.com\/preguntas-frecuentes\/como-es-el-alta-o-fin-del-tratamiento\/#article","isPartOf":{"@id":"https:\/\/uniadic.com\/preguntas-frecuentes\/como-es-el-alta-o-fin-del-tratamiento\/"},"author":{"name":"rrsuarez02","@id":"https:\/\/uniadic.com\/#\/schema\/person\/da81203ac2ef666a362e1ac5e55eec9b"},"headline":"C\u00f3mo es el alta o fin del tratamiento?","datePublished":"2024-08-09T10:48:41+00:00","dateModified":"2024-08-31T13:18:49+00:00","mainEntityOfPage":{"@id":"https:\/\/uniadic.com\/preguntas-frecuentes\/como-es-el-alta-o-fin-del-tratamiento\/"},"wordCount":264,"publisher":{"@id":"https:\/\/uniadic.com\/#organization"},"image":{"@id":"https:\/\/uniadic.com\/preguntas-frecuentes\/como-es-el-alta-o-fin-del-tratamiento\/#primaryimage"},"thumbnailUrl":"https:\/\/uniadic.com\/wp-content\/uploads\/2023\/09\/medico1-copia.jpg","inLanguage":"en-US"},{"@type":["WebPage","FAQPage"],"@id":"https:\/\/uniadic.com\/preguntas-frecuentes\/como-es-el-alta-o-fin-del-tratamiento\/","url":"https:\/\/uniadic.com\/preguntas-frecuentes\/como-es-el-alta-o-fin-del-tratamiento\/","name":"C\u00f3mo es el alta o fin del tratamiento? - UniAdic","isPartOf":{"@id":"https:\/\/uniadic.com\/#website"},"primaryImageOfPage":{"@id":"https:\/\/uniadic.com\/preguntas-frecuentes\/como-es-el-alta-o-fin-del-tratamiento\/#primaryimage"},"image":{"@id":"https:\/\/uniadic.com\/preguntas-frecuentes\/como-es-el-alta-o-fin-del-tratamiento\/#primaryimage"},"thumbnailUrl":"https:\/\/uniadic.com\/wp-content\/uploads\/2023\/09\/medico1-copia.jpg","datePublished":"2024-08-09T10:48:41+00:00","dateModified":"2024-08-31T13:18:49+00:00","description":"\u00bfC\u00f3mo es el alta o fin del tratamiento?. La gran pregunta que ning\u00fan paciente quiere hacerle a su psic\u00f3logo\/a y que hay que hacer.","breadcrumb":{"@id":"https:\/\/uniadic.com\/preguntas-frecuentes\/como-es-el-alta-o-fin-del-tratamiento\/#breadcrumb"},"inLanguage":"en-US","potentialAction":[{"@type":"ReadAction","target":["https:\/\/uniadic.com\/preguntas-frecuentes\/como-es-el-alta-o-fin-del-tratamiento\/"]}]},{"@type":"ImageObject","inLanguage":"en-US","@id":"https:\/\/uniadic.com\/preguntas-frecuentes\/como-es-el-alta-o-fin-del-tratamiento\/#primaryimage","url":"https:\/\/uniadic.com\/wp-content\/uploads\/2023\/09\/medico1-copia.jpg","contentUrl":"https:\/\/uniadic.com\/wp-content\/uploads\/2023\/09\/medico1-copia.jpg","width":1178,"height":841,"caption":"equipo"},{"@type":"BreadcrumbList","@id":"https:\/\/uniadic.com\/preguntas-frecuentes\/como-es-el-alta-o-fin-del-tratamiento\/#breadcrumb","itemListElement":[{"@type":"ListItem","position":1,"name":"FAQs","item":"https:\/\/uniadic.com\/preguntas-frecuentes\/"},{"@type":"ListItem","position":2,"name":"C\u00f3mo es el alta o fin del tratamiento?"}]},{"@type":"WebSite","@id":"https:\/\/uniadic.com\/#website","url":"https:\/\/uniadic.com\/","name":"| UniAdic Center |","description":"Specialists in Addiction and Mental Health","publisher":{"@id":"https:\/\/uniadic.com\/#organization"},"potentialAction":[{"@type":"SearchAction","target":{"@type":"EntryPoint","urlTemplate":"https:\/\/uniadic.com\/?s={search_term_string}"},"query-input":{"@type":"PropertyValueSpecification","valueRequired":true,"valueName":"search_term_string"}}],"inLanguage":"en-US"},{"@type":"Organization","@id":"https:\/\/uniadic.com\/#organization","name":"UniAdic","url":"https:\/\/uniadic.com\/","logo":{"@type":"ImageObject","inLanguage":"en-US","@id":"https:\/\/uniadic.com\/#\/schema\/logo\/image\/","url":"https:\/\/uniadic.com\/wp-content\/uploads\/2025\/12\/fondo-retina.png","contentUrl":"https:\/\/uniadic.com\/wp-content\/uploads\/2025\/12\/fondo-retina.png","width":506,"height":506,"caption":"UniAdic"},"image":{"@id":"https:\/\/uniadic.com\/#\/schema\/logo\/image\/"},"sameAs":["https:\/\/www.facebook.com\/uniadic\/","https:\/\/x.com\/Uniadic","https:\/\/www.instagram.com\/uniadic\/"]},{"@type":"Person","@id":"https:\/\/uniadic.com\/#\/schema\/person\/da81203ac2ef666a362e1ac5e55eec9b","name":"rrsuarez02","image":{"@type":"ImageObject","inLanguage":"en-US","@id":"https:\/\/secure.gravatar.com\/avatar\/2b14c2f684d4da997a40e228d1533c54369551ec192ca68ca8a8ea440630f5e9?s=96&d=mm&r=g","url":"https:\/\/secure.gravatar.com\/avatar\/2b14c2f684d4da997a40e228d1533c54369551ec192ca68ca8a8ea440630f5e9?s=96&d=mm&r=g","contentUrl":"https:\/\/secure.gravatar.com\/avatar\/2b14c2f684d4da997a40e228d1533c54369551ec192ca68ca8a8ea440630f5e9?s=96&d=mm&r=g","caption":"rrsuarez02"}}]}},"_links":{"self":[{"href":"https:\/\/uniadic.com\/en\/wp-json\/wp\/v2\/avada_faq\/12677","targetHints":{"allow":["GET"]}}],"collection":[{"href":"https:\/\/uniadic.com\/en\/wp-json\/wp\/v2\/avada_faq"}],"about":[{"href":"https:\/\/uniadic.com\/en\/wp-json\/wp\/v2\/types\/avada_faq"}],"author":[{"embeddable":true,"href":"https:\/\/uniadic.com\/en\/wp-json\/wp\/v2\/users\/1"}],"replies":[{"embeddable":true,"href":"https:\/\/uniadic.com\/en\/wp-json\/wp\/v2\/comments?post=12677"}],"version-history":[{"count":0,"href":"https:\/\/uniadic.com\/en\/wp-json\/wp\/v2\/avada_faq\/12677\/revisions"}],"wp:featuredmedia":[{"embeddable":true,"href":"https:\/\/uniadic.com\/en\/wp-json\/wp\/v2\/media\/12172"}],"wp:attachment":[{"href":"https:\/\/uniadic.com\/en\/wp-json\/wp\/v2\/media?parent=12677"}],"wp:term":[{"taxonomy":"faq_category","embeddable":true,"href":"https:\/\/uniadic.com\/en\/wp-json\/wp\/v2\/faq_category?post=12677"}],"curies":[{"name":"wp","href":"https:\/\/api.w.org\/{rel}","templated":true}]}}